{"id":2968,"date":"2025-01-15T17:49:21","date_gmt":"2025-01-15T16:49:21","guid":{"rendered":"https:\/\/federnat.it\/?page_id=2968"},"modified":"2026-01-13T19:07:44","modified_gmt":"2026-01-13T18:07:44","slug":"attivita-promozionale","status":"publish","type":"page","link":"https:\/\/federnat.it\/?page_id=2968","title":{"rendered":"Attivit\u00e0 promozionale"},"content":{"rendered":"\t\t<div data-elementor-type=\"wp-page\" data-elementor-id=\"2968\" class=\"elementor elementor-2968\" data-elementor-post-type=\"page\">\n\t\t\t\t\t\t<header class=\"elementor-section elementor-top-section elementor-element elementor-element-4fa065f2 elementor-section-boxed elementor-section-height-default elementor-section-height-default wpr-particle-no wpr-jarallax-no wpr-parallax-no wpr-sticky-section-no\" data-id=\"4fa065f2\" data-element_type=\"section\" data-e-type=\"section\" data-settings=\"{&quot;background_background&quot;:&quot;classic&quot;,&quot;shape_divider_bottom&quot;:&quot;tilt&quot;}\">\n\t\t\t\t\t\t\t<div class=\"elementor-background-overlay\"><\/div>\n\t\t\t\t\t\t<div class=\"elementor-shape elementor-shape-bottom\" aria-hidden=\"true\" data-negative=\"false\">\n\t\t\t<svg xmlns=\"http:\/\/www.w3.org\/2000\/svg\" viewBox=\"0 0 1000 100\" preserveAspectRatio=\"none\">\n\t<path class=\"elementor-shape-fill\" d=\"M0,6V0h1000v100L0,6z\"\/>\n<\/svg>\t\t<\/div>\n\t\t\t\t\t<div class=\"elementor-container elementor-column-gap-wider\">\n\t\t\t\t\t<div class=\"elementor-column elementor-col-100 elementor-top-column elementor-element elementor-element-5c854853\" data-id=\"5c854853\" data-element_type=\"column\" data-e-type=\"column\">\n\t\t\t<div class=\"elementor-widget-wrap elementor-element-populated\">\n\t\t\t\t\t\t<div class=\"elementor-element elementor-element-647e8d46 elementor-invisible elementor-widget elementor-widget-heading\" data-id=\"647e8d46\" data-element_type=\"widget\" data-e-type=\"widget\" data-settings=\"{&quot;_animation&quot;:&quot;fadeIn&quot;}\" data-widget_type=\"heading.default\">\n\t\t\t\t<div class=\"elementor-widget-container\">\n\t\t\t\t\t<h1 class=\"elementor-heading-title elementor-size-default\">attivit\u00e0 promozionale<\/h1>\t\t\t\t<\/div>\n\t\t\t\t<\/div>\n\t\t\t\t\t<\/div>\n\t\t<\/div>\n\t\t\t\t\t<\/div>\n\t\t<\/header>\n\t\t\t\t<section class=\"elementor-section elementor-top-section elementor-element elementor-element-1b69f97 elementor-section-boxed elementor-section-height-default elementor-section-height-default wpr-particle-no wpr-jarallax-no wpr-parallax-no wpr-sticky-section-no\" data-id=\"1b69f97\" data-element_type=\"section\" data-e-type=\"section\">\n\t\t\t\t\t\t<div class=\"elementor-container elementor-column-gap-default\">\n\t\t\t\t\t<div class=\"elementor-column elementor-col-100 elementor-top-column elementor-element elementor-element-2d409ae0\" data-id=\"2d409ae0\" data-element_type=\"column\" data-e-type=\"column\">\n\t\t\t<div class=\"elementor-widget-wrap elementor-element-populated\">\n\t\t\t\t\t\t<div class=\"elementor-element elementor-element-4055384c elementor-invisible elementor-widget elementor-widget-text-editor\" data-id=\"4055384c\" data-element_type=\"widget\" data-e-type=\"widget\" data-settings=\"{&quot;_animation&quot;:&quot;fadeIn&quot;}\" data-widget_type=\"text-editor.default\">\n\t\t\t\t<div class=\"elementor-widget-container\">\n\t\t\t\t\t\t\t\t\t<p><strong>L&#8217;attivit\u00e0 promozionale della Federnat si svolge lungo tre direttrici:<\/strong><\/p>\t\t\t\t\t\t\t\t<\/div>\n\t\t\t\t<\/div>\n\t\t\t\t<div class=\"elementor-element elementor-element-4c5f9b09 wpr-list-style-none elementor-widget elementor-widget-wpr-posts-timeline\" data-id=\"4c5f9b09\" data-element_type=\"widget\" data-e-type=\"widget\" data-settings=\"{&quot;animation_offset&quot;:150,&quot;aos_animation_duration&quot;:600}\" data-widget_type=\"wpr-posts-timeline.default\">\n\t\t\t\t<div class=\"elementor-widget-container\">\n\t\t\t\t\t\n\t\t<div class=\"wpr-wrapper wpr-vertical wpr-centered\">\n\t\t\t<div class=\"wpr-timeline-centered wpr-line wpr-both-sided-timeline\"><div class=\"wpr-middle-line\"><\/div><div class=\"wpr-timeline-fill\" data-layout=\"centered\"><\/div><article class=\"wpr-timeline-entry wpr-left-aligned elementor-repeater-item-89eb76a\" data-item-id=\"elementor-repeater-item-89eb76a\"><div class=\"wpr-timeline-entry-inner\"><div class=\"wpr-main-line-icon wpr-icon\"><svg aria-hidden=\"true\" class=\"e-font-icon-svg e-fas-circle\" viewBox=\"0 0 512 512\" xmlns=\"http:\/\/www.w3.org\/2000\/svg\"><path d=\"M256 8C119 8 8 119 8 256s111 248 248 248 248-111 248-248S393 8 256 8z\"><\/path><\/svg><\/div><div class=\"wpr-story-info-vertical wpr-data-wrap \"  data-aos=\"fade\" data-aos-left=\"\" data-aos-right=\"\" data-animation-offset=\"150\" data-animation-duration=\"600\"><div class=\"wpr-animation-wrap wpr-timeline-media\"><img fetchpriority=\"high\" decoding=\"async\" width=\"499\" height=\"337\" src=\"https:\/\/federnat.it\/wp-content\/uploads\/2024\/10\/corsa-trotto-ippica.webp\" class=\"attachment-full size-full\" alt=\"\" srcset=\"https:\/\/federnat.it\/wp-content\/uploads\/2024\/10\/corsa-trotto-ippica.webp 499w, https:\/\/federnat.it\/wp-content\/uploads\/2024\/10\/corsa-trotto-ippica-300x203.webp 300w\" sizes=\"(max-width: 499px) 100vw, 499px\" \/><\/div><div class=\"wpr-timeline-content-wrapper\"><div class=\"wpr-content-wrapper\"><p class=\"wpr-title-wrap\"><span class=\"wpr-title\">Nell&#039;ambito dell&#039;Ippica<\/span><\/p><div class=\"wpr-description\"><p>Promuovendo la massima partecipazione alla vita agonistica del Trotto e incrementando la professionalit\u00e0 del settore.<\/p><\/div><\/div><\/div><\/div>\n\t\t\t\t\t\t<\/div>\n\t\t\t\t<\/article><article class=\"wpr-timeline-entry wpr-right-aligned elementor-repeater-item-700f641\" data-item-id=\"elementor-repeater-item-700f641\"><div class=\"wpr-timeline-entry-inner\"><div class=\"wpr-main-line-icon wpr-icon\"><svg aria-hidden=\"true\" class=\"e-font-icon-svg e-fas-circle\" viewBox=\"0 0 512 512\" xmlns=\"http:\/\/www.w3.org\/2000\/svg\"><path d=\"M256 8C119 8 8 119 8 256s111 248 248 248 248-111 248-248S393 8 256 8z\"><\/path><\/svg><\/div><div class=\"wpr-story-info-vertical wpr-data-wrap \"  data-aos=\"fade\" data-aos-left=\"\" data-aos-right=\"\" data-animation-offset=\"150\" data-animation-duration=\"600\"><div class=\"wpr-animation-wrap wpr-timeline-media\"><img decoding=\"async\" width=\"1800\" height=\"1001\" src=\"https:\/\/federnat.it\/wp-content\/uploads\/2024\/09\/CEpubblico-1.jpg\" class=\"attachment-full size-full\" alt=\"pubblico Cesena - ph Luigi Rega\" srcset=\"https:\/\/federnat.it\/wp-content\/uploads\/2024\/09\/CEpubblico-1.jpg 1800w, https:\/\/federnat.it\/wp-content\/uploads\/2024\/09\/CEpubblico-1-300x167.jpg 300w, https:\/\/federnat.it\/wp-content\/uploads\/2024\/09\/CEpubblico-1-1024x569.jpg 1024w, https:\/\/federnat.it\/wp-content\/uploads\/2024\/09\/CEpubblico-1-768x427.jpg 768w, https:\/\/federnat.it\/wp-content\/uploads\/2024\/09\/CEpubblico-1-1536x854.jpg 1536w\" sizes=\"(max-width: 1800px) 100vw, 1800px\" \/><\/div><div class=\"wpr-timeline-content-wrapper\"><div class=\"wpr-content-wrapper\"><p class=\"wpr-title-wrap\"><span class=\"wpr-title\">Dall\u2019interno all\u2019esterno<\/span><\/p><div class=\"wpr-description\"><p>promuovendo (con l\u2019ausilio di tutti i mezzi di comunicazione) la presa di coscienza che l\u2019ippica \u00e8 in grado di assicurare a vasti strati della realt\u00e0 sociale Italiana un sano divertimento, contribuendo in maniera decisiva al superamento delle contraddizioni del crescente tempo libero nella nostra epoca. <em>Ph. Luigi Rega - Cesena 2024<\/em><\/p><\/div><\/div><\/div><\/div>\n\t\t\t\t\t\t<\/div>\n\t\t\t\t<\/article><article class=\"wpr-timeline-entry wpr-left-aligned elementor-repeater-item-aa9d67d\" data-item-id=\"elementor-repeater-item-aa9d67d\"><div class=\"wpr-timeline-entry-inner\"><div class=\"wpr-main-line-icon wpr-icon\"><svg aria-hidden=\"true\" class=\"e-font-icon-svg e-fas-circle\" viewBox=\"0 0 512 512\" xmlns=\"http:\/\/www.w3.org\/2000\/svg\"><path d=\"M256 8C119 8 8 119 8 256s111 248 248 248 248-111 248-248S393 8 256 8z\"><\/path><\/svg><\/div><div class=\"wpr-story-info-vertical wpr-data-wrap \"  data-aos=\"fade\" data-aos-left=\"\" data-aos-right=\"\" data-animation-offset=\"150\" data-animation-duration=\"600\"><div class=\"wpr-animation-wrap wpr-timeline-media\"><img decoding=\"async\" width=\"499\" height=\"317\" src=\"https:\/\/federnat.it\/wp-content\/uploads\/2024\/10\/ippoterapia.webp\" class=\"attachment-full size-full\" alt=\"\" srcset=\"https:\/\/federnat.it\/wp-content\/uploads\/2024\/10\/ippoterapia.webp 499w, https:\/\/federnat.it\/wp-content\/uploads\/2024\/10\/ippoterapia-300x190.webp 300w\" sizes=\"(max-width: 499px) 100vw, 499px\" \/><\/div><div class=\"wpr-timeline-content-wrapper\"><div class=\"wpr-content-wrapper\"><p class=\"wpr-title-wrap\"><span class=\"wpr-title\">Al di fuori dell\u2019Ippica<\/span><\/p><div class=\"wpr-description\"><p>diffondendo la coscienza dell\u2019insostituibile funzione del cavallo come strumento di conoscenza e quindi di intelligente uso della natura.\u00a0<\/p><\/div><\/div><\/div><\/div>\n\t\t\t\t\t\t<\/div>\n\t\t\t\t<\/article><\/div>    \n\t\t\t<\/div>\t\t\t\t<\/div>\n\t\t\t\t<\/div>\n\t\t\t\t\t<\/div>\n\t\t<\/div>\n\t\t\t\t\t<\/div>\n\t\t<\/section>\n\t\t\t\t<section class=\"elementor-section elementor-top-section elementor-element elementor-element-6bef75b2 elementor-section-content-middle elementor-section-boxed elementor-section-height-default elementor-section-height-default wpr-particle-no wpr-jarallax-no wpr-parallax-no wpr-sticky-section-no\" data-id=\"6bef75b2\" data-element_type=\"section\" data-e-type=\"section\" data-settings=\"{&quot;background_background&quot;:&quot;classic&quot;}\">\n\t\t\t\t\t\t\t<div class=\"elementor-background-overlay\"><\/div>\n\t\t\t\t\t\t\t<div class=\"elementor-container elementor-column-gap-wide\">\n\t\t\t\t\t<div class=\"elementor-column elementor-col-100 elementor-top-column elementor-element elementor-element-64286dc1\" data-id=\"64286dc1\" data-element_type=\"column\" data-e-type=\"column\">\n\t\t\t<div class=\"elementor-widget-wrap elementor-element-populated\">\n\t\t\t\t\t\t<div class=\"elementor-element elementor-element-6f076a20 elementor-widget-divider--view-line elementor-invisible elementor-widget elementor-widget-divider\" data-id=\"6f076a20\" data-element_type=\"widget\" data-e-type=\"widget\" data-settings=\"{&quot;_animation&quot;:&quot;fadeIn&quot;,&quot;_animation_delay&quot;:300}\" data-widget_type=\"divider.default\">\n\t\t\t\t<div class=\"elementor-widget-container\">\n\t\t\t\t\t\t\t<div class=\"elementor-divider\">\n\t\t\t<span class=\"elementor-divider-separator\">\n\t\t\t\t\t\t<\/span>\n\t\t<\/div>\n\t\t\t\t\t\t<\/div>\n\t\t\t\t<\/div>\n\t\t\t\t<div class=\"elementor-element elementor-element-dd8093b elementor-widget elementor-widget-text-editor\" data-id=\"dd8093b\" data-element_type=\"widget\" data-e-type=\"widget\" data-widget_type=\"text-editor.default\">\n\t\t\t\t<div class=\"elementor-widget-container\">\n\t\t\t\t\t\t\t\t\t<p>Il <strong>cavallo<\/strong> \u00e8 sempre stato amico dell\u2019uomo, ma mai come nella moderna civilt\u00e0 pu\u00f2 essergli utile in termini concreti.<\/p><p>Non pi\u00f9 forse come strumento di fatica o come mezzo di trasporto, ma certo come veicolo privilegiato per riprendere quel contatto con la natura che costituisce esigenza primaria dell\u2019uomo moderno. Cavallo come ecologia, dunque. Ma anche come compagno di vita e strumento per un intelligente tempo libero. E anche, infine, come compagno in una vera e propria attivit\u00e0 sportiva.<\/p><p>A questi bisogni risponde lo sport ippico, al cui interno opera la categoria dei Gentlemen Drivers che svolgono funzione di collegamento col resto della societ\u00e0, operando ciascuno nel proprio Paese e nell\u2019ambito della propria attivit\u00e0 o professione.<\/p><p>In questo contesto, oltre alla normale attivit\u00e0 tecnica e agonistica, la Federnat svolge un\u2019intensa attivit\u00e0 promozionale che culmina, ogni anno in una citt\u00e0 diversa, con un Incontro Nazionale a tema, che sempre <strong>abbina l\u2019evento sportivo a importanti iniziative culturali, tra le quali il\u00a0Premio &#8220;Amici dell&#8217;ippica&#8221;<\/strong><\/p><p>Anche quest\u2019anno il Gran Premio vedr\u00e0 alla partenza i migliori Gentlemen Drivers d\u2019Italia che sono anche qualificati e affermati imprenditori o commercianti e comunque persone inserite al massimo livello nella vita produttiva delle rispettive regioni. La corsa per\u00f2, per quanto importante, sar\u00e0 solo una piccola parte della manifestazione che manterr\u00e0 il carattere di evento culturale e sociale.<\/p>\t\t\t\t\t\t\t\t<\/div>\n\t\t\t\t<\/div>\n\t\t\t\t\t<\/div>\n\t\t<\/div>\n\t\t\t\t\t<\/div>\n\t\t<\/section>\n\t\t<div class=\"elementor-element elementor-element-61a0240 e-flex e-con-boxed wpr-particle-no wpr-jarallax-no wpr-parallax-no wpr-sticky-section-no e-con e-parent\" data-id=\"61a0240\" data-element_type=\"container\" data-e-type=\"container\">\n\t\t\t\t\t<div class=\"e-con-inner\">\n\t\t\t\t<div class=\"elementor-element elementor-element-ff4e80a elementor-widget elementor-widget-button\" data-id=\"ff4e80a\" data-element_type=\"widget\" data-e-type=\"widget\" data-settings=\"{&quot;motion_fx_motion_fx_scrolling&quot;:&quot;yes&quot;,&quot;motion_fx_motion_fx_mouse&quot;:&quot;yes&quot;,&quot;motion_fx_devices&quot;:[&quot;desktop&quot;,&quot;tablet&quot;,&quot;mobile&quot;]}\" data-widget_type=\"button.default\">\n\t\t\t\t<div class=\"elementor-widget-container\">\n\t\t\t\t\t\t\t\t\t<div class=\"elementor-button-wrapper\">\n\t\t\t\t\t<a class=\"elementor-button elementor-button-link elementor-size-sm\" href=\"https:\/\/federnat.it\/?page_id=5970\">\n\t\t\t\t\t\t<span class=\"elementor-button-content-wrapper\">\n\t\t\t\t\t\t\t\t\t<span class=\"elementor-button-text\">Elenco degli \"Amici dell'Ippica\"<\/span>\n\t\t\t\t\t<\/span>\n\t\t\t\t\t<\/a>\n\t\t\t\t<\/div>\n\t\t\t\t\t\t\t\t<\/div>\n\t\t\t\t<\/div>\n\t\t\t\t\t<\/div>\n\t\t\t\t<\/div>\n\t\t<div class=\"elementor-element elementor-element-26d27c0 e-flex e-con-boxed wpr-particle-no wpr-jarallax-no wpr-parallax-no wpr-sticky-section-no e-con e-parent\" data-id=\"26d27c0\" data-element_type=\"container\" data-e-type=\"container\">\n\t\t\t\t\t<div class=\"e-con-inner\">\n\t\t\t\t<div class=\"elementor-element elementor-element-07a25d6 elementor-widget elementor-widget-html\" data-id=\"07a25d6\" data-element_type=\"widget\" data-e-type=\"widget\" data-widget_type=\"html.default\">\n\t\t\t\t<div class=\"elementor-widget-container\">\n\t\t\t\t\t<!DOCTYPE html>\r\n<html lang=\"it\">\r\n<head>\r\n    <meta charset=\"UTF-8\">\r\n    <meta name=\"viewport\" content=\"width=device-width, initial-scale=1.0\">\r\n    <title>Federnat - Cronistoria delle Manifestazioni<\/title>\r\n    <link href=\"https:\/\/fonts.googleapis.com\/css2?family=Playfair+Display:wght@700&family=Inter:wght@300;400;600&display=swap\" rel=\"stylesheet\">\r\n    <style>\r\n        :root {\r\n            --primary-color: #1a2a6c; \/* Blu Notte Ippico *\/\r\n            --accent-color: #b8923d;  \/* Oro *\/\r\n            --text-color: #333;\r\n            --bg-color: #f4f7f6;\r\n        }\r\n\r\n        body {\r\n            font-family: 'Inter', sans-serif;\r\n            background-color: var(--bg-color);\r\n            color: var(--text-color);\r\n            margin: 0;\r\n            padding: 0;\r\n        }\r\n\r\n        header {\r\n            background: linear-gradient(rgba(26, 42, 108, 0.9), rgba(26, 42, 108, 0.9)), \r\n                        url('https:\/\/images.unsplash.com\/photo-1598974357851-98166a9d9b5b?auto=format&fit=crop&q=80&w=1600') center\/cover;\r\n            color: white;\r\n            padding: 5rem 1rem;\r\n            text-align: center;\r\n            border-bottom: 6px solid var(--accent-color);\r\n        }\r\n\r\n        header h1 {\r\n            font-family: 'Playfair Display', serif;\r\n            font-size: 3rem;\r\n            margin: 0;\r\n            letter-spacing: 2px;\r\n        }\r\n\r\n        header p {\r\n            font-weight: 300;\r\n            font-size: 1.2rem;\r\n            max-width: 700px;\r\n            margin: 1.5rem auto 0;\r\n            opacity: 0.9;\r\n        }\r\n\r\n        .container {\r\n            max-width: 1000px;\r\n            margin: 4rem auto;\r\n            padding: 0 20px;\r\n        }\r\n\r\n        \/* Timeline Styles *\/\r\n        .timeline {\r\n            position: relative;\r\n        }\r\n\r\n        .timeline::before {\r\n            content: '';\r\n            position: absolute;\r\n            left: 50%;\r\n            width: 2px;\r\n            height: 100%;\r\n            background: #d1d1d1;\r\n            transform: translateX(-50%);\r\n        }\r\n\r\n        .event-card {\r\n            position: relative;\r\n            width: 44%;\r\n            padding: 25px;\r\n            background: white;\r\n            border-radius: 12px;\r\n            box-shadow: 0 10px 30px rgba(0,0,0,0.05);\r\n            margin-bottom: 50px;\r\n            transition: all 0.3s ease;\r\n            border: 1px solid rgba(0,0,0,0.05);\r\n        }\r\n\r\n        .event-card:hover {\r\n            transform: translateY(-10px);\r\n            box-shadow: 0 15px 40px rgba(0,0,0,0.1);\r\n            border-bottom: 4px solid var(--accent-color);\r\n        }\r\n\r\n        .event-card.left { left: 0; text-align: right; }\r\n        .event-card.right { left: 56%; text-align: left; }\r\n\r\n        .event-card::after {\r\n            content: '';\r\n            position: absolute;\r\n            top: 30px;\r\n            width: 20px;\r\n            height: 20px;\r\n            background: #b8923d;\r\n            border: 4px solid white;\r\n            border-radius: 50%;\r\n            z-index: 2;\r\n            box-shadow: 0 2px 5px rgba(0,0,0,0.2);\r\n        }\r\n\r\n        .left::after { right: -13.5%; }\r\n        .right::after { left: -13.2%; }\r\n\r\n        .date-badge {\r\n            background: #003319;\r\n            color: white;\r\n            padding: 4px 12px;\r\n            border-radius: 20px;\r\n            font-size: 0.85rem;\r\n            font-weight: 600;\r\n            margin-bottom: 10px;\r\n            display: inline-block;\r\n        }\r\n\r\n        .location {\r\n            font-family: 'Playfair Display', serif;\r\n            font-size: 1.6rem;\r\n            color: #CC0066;\r\n            margin: 10px 0;\r\n            display: block;\r\n        }\r\n\r\n        .description {\r\n            font-size: 0.95rem;\r\n            line-height: 1.7;\r\n            color: #555;\r\n        }\r\n\r\n        \/* Responsive Mobile *\/\r\n        @media (max-width: 850px) {\r\n            .timeline::before { left: 20px; }\r\n            .event-card {\r\n                width: calc(100% - 60px);\r\n                left: 60px !important;\r\n                text-align: left !important;\r\n            }\r\n            .event-card::after {\r\n                left: -50px !important;\r\n            }\r\n        }\r\n    <\/style>\r\n<\/head>\r\n<body>\r\n\r\n<header>\r\n    <h1>Gli incontri Nazionali svolti finora:\u200b<\/h1>\r\n    <p>Oltre 40 anni di eccellenza: cronistoria di cultura, solidariet\u00e0 e passione ippica<\/p>\r\n<\/header>\r\n\r\n<div class=\"container\">\r\n    <div class=\"timeline\">\r\n\r\n        <div class=\"event-card left\">\r\n            <span class=\"date-badge\">29 Maggio 1982<\/span>\r\n            <span class=\"location\">BOLOGNA<\/span>\r\n            <div class=\"description\">\r\n                Tema: <strong>\"IPPICA OGGI: ECOLOGIA, TEMPO LIBERO E SPORT\"<\/strong>. Mostra fotografica, concorsi nelle scuole e lancio di uno slogan destinato a grande successo nazionale.\r\n            <\/div>\r\n        <\/div>\r\n\r\n        <div class=\"event-card right\">\r\n            <span class=\"date-badge\">19 Marzo 1983<\/span>\r\n            <span class=\"location\">FIRENZE<\/span>\r\n            <div class=\"description\">\r\n                Tema: <strong>\"CAVALLO E TERRITORIO: ASPETTI ECONOMICI E SOCIALI\"<\/strong>. Lancio dell'idea del museo Marino Marini, concorsi di architettura e proposte tecniche per l'automazione scommesse.\r\n            <\/div>\r\n        <\/div>\r\n\r\n        <div class=\"event-card left\">\r\n            <span class=\"date-badge\">13-19 Maggio 1984<\/span>\r\n            <span class=\"location\">ROMA<\/span>\r\n            <div class=\"description\">\r\n                Tema: <strong>\"IL CAVALLO E L'ARTE\"<\/strong>. Mostra di Nag Arnoldi a Palazzo Barberini e suggestiva serata di gala in costume.\r\n            <\/div>\r\n        <\/div>\r\n\r\n        <div class=\"event-card right\">\r\n            <span class=\"date-badge\">27 Aprile 1985<\/span>\r\n            <span class=\"location\">MILANO<\/span>\r\n            <div class=\"description\">\r\n                Tema: <strong>\"I CENTO CAVALLI DEL RE\"<\/strong>. Mostra d'arte contemporanea e serata benefica a Villa Reale a Monza a favore dell'AIRC.\r\n            <\/div>\r\n        <\/div>\r\n\r\n        <div class=\"event-card left\">\r\n            <span class=\"date-badge\">5 Aprile 1986<\/span>\r\n            <span class=\"location\">FIRENZE<\/span>\r\n            <div class=\"description\">\r\n                Restauro del fregio sansoviniano della Villa Medicea di Poggio a Caiano durante \"Firenze capitale della cultura europea\".\r\n            <\/div>\r\n        <\/div>\r\n\r\n        <div class=\"event-card right\">\r\n            <span class=\"date-badge\">25 Aprile 1987<\/span>\r\n            <span class=\"location\">TARANTO<\/span>\r\n            <div class=\"description\">\r\n                Campionato Europeo di Trotto con delegazioni da USA, Canada e per la prima volta un Paese dell'Est.\r\n            <\/div>\r\n        <\/div>\r\n\r\n        <div class=\"event-card left\">\r\n            <span class=\"date-badge\">14 Maggio 1988<\/span>\r\n            <span class=\"location\">FIRENZE<\/span>\r\n            <div class=\"description\">\r\n                Gran Ballo di Gala a Palazzo Corsini, riunendo il mondo ippico con la realt\u00e0 economica e sociale italiana.\r\n            <\/div>\r\n        <\/div>\r\n\r\n        <div class=\"event-card right\">\r\n            <span class=\"date-badge\">21 Maggio 1989<\/span>\r\n            <span class=\"location\">TORINO, SAINT VINCENT<\/span>\r\n            <div class=\"description\">\r\n                Storia del Trotto piemontese, asta benefica dello scultore Tarantino e donazione di un'ambulanza alla Croce Rossa.\r\n            <\/div>\r\n        <\/div>\r\n\r\n        <div class=\"event-card left\">\r\n            <span class=\"date-badge\">28-29 Aprile 1990<\/span>\r\n            <span class=\"location\">MILANO<\/span>\r\n            <div class=\"description\">\r\n                Dono alla Biblioteca Trivulziana di un volume antico sulle cacce a cavallo. Gala al Castello Sforzesco a favore del Centro Di Capua.\r\n            <\/div>\r\n        <\/div>\r\n\r\n        <div class=\"event-card right\">\r\n            <span class=\"date-badge\">27-28 Aprile 1991<\/span>\r\n            <span class=\"location\">PADOVA, VENEZIA<\/span>\r\n            <div class=\"description\">\r\n                Restauro dipinti rinascimentali per la Fondazione Breda e ballo di gala a Palazzo Pisani Moretta a Venezia.\r\n            <\/div>\r\n        <\/div>\r\n\r\n        <div class=\"event-card left\">\r\n            <span class=\"date-badge\">15-16 Maggio 1992<\/span>\r\n            <span class=\"location\">PALERMO<\/span>\r\n            <div class=\"description\">\r\n                Dono di un multianalizzatore pediatrico a Elda Pucci, restauro di un clavicembalo del '700 e gala a Villa Sordonaro.\r\n            <\/div>\r\n        <\/div>\r\n\r\n        <div class=\"event-card right\">\r\n            <span class=\"date-badge\">27-28 Marzo 1993<\/span>\r\n            <span class=\"location\">FIRENZE<\/span>\r\n            <div class=\"description\">\r\n                Mostra di Fulvio Roiter, concerto di Gloria Gaynor e serata di gala presso il neonato Museo Marini.\r\n            <\/div>\r\n        <\/div>\r\n\r\n        <div class=\"event-card left\">\r\n            <span class=\"date-badge\">20-21 Maggio 1994<\/span>\r\n            <span class=\"location\">ROMA<\/span>\r\n            <div class=\"description\">\r\n                Restauro degli affreschi di Pietro da Cortona in Palazzo Sacchetti, sede della serata di gala.\r\n            <\/div>\r\n        <\/div>\r\n\r\n        <div class=\"event-card right\">\r\n            <span class=\"date-badge\">23-24 Giugno 1995<\/span>\r\n            <span class=\"location\">TREVISO<\/span>\r\n            <div class=\"description\">\r\n                Restauro della pala dell'Angelo Custode e salvaguardia del Cedrus Deodara a Villa Franchetti.\r\n            <\/div>\r\n        <\/div>\r\n\r\n        <div class=\"event-card left\">\r\n            <span class=\"date-badge\">20-21 Giugno 1996<\/span>\r\n            <span class=\"location\">MILANO<\/span>\r\n            <div class=\"description\">\r\n                Restauro della Cappella di Sant'Ambrogio nell'omonima Basilica con serata di gala nel chiostro.\r\n            <\/div>\r\n        <\/div>\r\n\r\n        <div class=\"event-card right\">\r\n            <span class=\"date-badge\">20-21 Maggio 1997<\/span>\r\n            <span class=\"location\">BOLOGNA, SAN PATRIGNANO<\/span>\r\n            <div class=\"description\">\r\n                Dedicata alla Comunit\u00e0 di San Patrignano: donazione tavolo radiologico e concerto di Biagio Antonacci.\r\n            <\/div>\r\n        <\/div>\r\n\r\n        <div class=\"event-card left\">\r\n            <span class=\"date-badge\">25-26 Aprile 1998<\/span>\r\n            <span class=\"location\">PADOVA<\/span>\r\n            <div class=\"description\">\r\n                Restauro statua del Ruzante e gala ai piedi del cavallo ligneo di Donatello in Palazzo della Ragione.\r\n            <\/div>\r\n        <\/div>\r\n\r\n        <div class=\"event-card right\">\r\n            <span class=\"date-badge\">5-6 Giugno 1999<\/span>\r\n            <span class=\"location\">TORINO<\/span>\r\n            <div class=\"description\">\r\n                Donazione alla Federazione Italiana Sport Disabili e sensibilizzazione per il restauro della Reggia di Venaria.\r\n            <\/div>\r\n        <\/div>\r\n\r\n        <div class=\"event-card left\">\r\n            <span class=\"date-badge\">3-9 Luglio 2000<\/span>\r\n            <span class=\"location\">MILANO, CESENA...<\/span>\r\n            <div class=\"description\">\r\n                Campionato Mondiale con 12 nazioni, visita alla Ferrari e costruzione di una scuola in Burkina Faso.\r\n            <\/div>\r\n        <\/div>\r\n\r\n        <div class=\"event-card right\">\r\n            <span class=\"date-badge\">4-6 Maggio 2001<\/span>\r\n            <span class=\"location\">NAPOLI<\/span>\r\n            <div class=\"description\">\r\n                Serata di gala e contributo a favore del Museo Galleria Nazionale di Capodimonte.\r\n            <\/div>\r\n        <\/div>\r\n\r\n        <div class=\"event-card left\">\r\n            <span class=\"date-badge\">31 Maggio - 1 Giugno 2002<\/span>\r\n            <span class=\"location\">PALERMO<\/span>\r\n            <div class=\"description\">\r\n                Restauro furgone borbonico e Cippo della Stazione a Palazzo dei Normanni.\r\n            <\/div>\r\n        <\/div>\r\n\r\n        <div class=\"event-card right\">\r\n            <span class=\"date-badge\">11-12 Maggio 2003<\/span>\r\n            <span class=\"location\">ALBENGA, GENOVA<\/span>\r\n            <div class=\"description\">\r\n                Iniziativa per la Fondazione Grace Kelly e gala a bordo della nave ammiraglia Grimaldi.\r\n            <\/div>\r\n        <\/div>\r\n\r\n        <div class=\"event-card left\">\r\n            <span class=\"date-badge\">21-22 Maggio 2004<\/span>\r\n            <span class=\"location\">MONTECATINI TERME<\/span>\r\n            <div class=\"description\">\r\n                Calcio Gentlemen vs Olimpionici e gala nell'esclusiva cornice delle Terme del Tettuccio.\r\n            <\/div>\r\n        <\/div>\r\n\r\n        <div class=\"event-card right\">\r\n            <span class=\"date-badge\">Luglio 2005<\/span>\r\n            <span class=\"location\">SIRACUSA<\/span>\r\n            <div class=\"description\">\r\n                Cornice del Castello Maniace e donazione a favore dell'Ospedale locale.\r\n            <\/div>\r\n        <\/div>\r\n\r\n        <div class=\"event-card left\">\r\n            <span class=\"date-badge\">19-22 Luglio 2006<\/span>\r\n            <span class=\"location\">NAPOLI, ROMA<\/span>\r\n            <div class=\"description\">\r\n                Campionato Mondiale e serata di gala a favore del Museo di Villa Giulia in Roma.\r\n            <\/div>\r\n        <\/div>\r\n\r\n        <div class=\"event-card right\">\r\n            <span class=\"date-badge\">6-7 Luglio 2007<\/span>\r\n            <span class=\"location\">CESENA, SAN PATRIGNANO<\/span>\r\n            <div class=\"description\">\r\n                Contributo al restauro del Centro Ippico di San Patrignano e serata in comunit\u00e0.\r\n            <\/div>\r\n        <\/div>\r\n\r\n        <div class=\"event-card left\">\r\n            <span class=\"date-badge\">14-15 Giugno 2008<\/span>\r\n            <span class=\"location\">TARANTO<\/span>\r\n            <div class=\"description\">\r\n                Donazioni ad AIL e Fondazione Mennea, consegna ambulanza e gala alla Basilica dell'Hist\u00f2.\r\n            <\/div>\r\n        <\/div>\r\n\r\n        <div class=\"event-card right\">\r\n            <span class=\"date-badge\">8-9 Giugno 2009<\/span>\r\n            <span class=\"location\">MILANO<\/span>\r\n            <div class=\"description\">\r\n                Contributo pro \"Lega del filo d'oro\" con Renzo Arbore presso la Club House di San Siro.\r\n            <\/div>\r\n        <\/div>\r\n\r\n        <div class=\"event-card left\">\r\n            <span class=\"date-badge\">20-21 Luglio 2010<\/span>\r\n            <span class=\"location\">FORTE DEI MARMI<\/span>\r\n            <div class=\"description\">\r\n                Presentazione del codice etico per la tutela degli equidi e serata al Twiga Beach Club.\r\n            <\/div>\r\n        <\/div>\r\n\r\n        <div class=\"event-card right\">\r\n            <span class=\"date-badge\">14-15 Luglio 2011<\/span>\r\n            <span class=\"location\">TREVISO, VENEZIA<\/span>\r\n            <div class=\"description\">\r\n                Torneo \"150 Anni di Italia nel mondo\", restauro organo barocco e gala a San Servolo.\r\n            <\/div>\r\n        <\/div>\r\n\r\n        <div class=\"event-card left\">\r\n            <span class=\"date-badge\">29-30 Aprile 2012<\/span>\r\n            <span class=\"location\">MONTEGIORGIO, FIASTRA<\/span>\r\n            <div class=\"description\">\r\n                Sostegno all'Accademia della Fisarmonica e serata nel refettorio dell'Abbazia di Fiastra.\r\n            <\/div>\r\n        <\/div>\r\n\r\n        <div class=\"event-card right\">\r\n            <span class=\"date-badge\">22-23 Giugno 2013<\/span>\r\n            <span class=\"location\">TORINO<\/span>\r\n            <div class=\"description\">\r\n                Donazione C.I.F.A. e Federazione Sport Paraolimpici presso il Circolo della Stampa.\r\n            <\/div>\r\n        <\/div>\r\n\r\n        <div class=\"event-card left\">\r\n            <span class=\"date-badge\">22 Giugno 2014<\/span>\r\n            <span class=\"location\">NAPOLI<\/span>\r\n            <div class=\"description\">\r\n                Donazione a favore U.N.I.T.A.L.S.I. e serata presso il prestigioso Circolo del Tennis.\r\n            <\/div>\r\n        <\/div>\r\n\r\n        <div class=\"event-card right\">\r\n            <span class=\"date-badge\">11-12 Aprile 2015<\/span>\r\n            <span class=\"location\">FIRENZE<\/span>\r\n            <div class=\"description\">\r\n                Sostegno all'attivit\u00e0 didattica del Museo Marino Marini, sede della serata di gala.\r\n            <\/div>\r\n        <\/div>\r\n\r\n        <div class=\"event-card left\">\r\n            <span class=\"date-badge\">25-26 Giugno 2016<\/span>\r\n            <span class=\"location\">MODENA<\/span>\r\n            <div class=\"description\">\r\n                Gala alla Galleria Estense e restauro degli speroni dorati del XIII secolo.\r\n            <\/div>\r\n        <\/div>\r\n\r\n        <div class=\"event-card right\">\r\n            <span class=\"date-badge\">29-30 Settembre 2017<\/span>\r\n            <span class=\"location\">PALERMO<\/span>\r\n            <div class=\"description\">\r\n                Gala al Teatro Massimo, sostegno a giovani artisti e scolarizzazione bambini indigenti.\r\n            <\/div>\r\n        <\/div>\r\n\r\n        <div class=\"event-card left\">\r\n            <span class=\"date-badge\">22-23 Giugno 2018<\/span>\r\n            <span class=\"location\">VENEZIA, TREVISO<\/span>\r\n            <div class=\"description\">\r\n                Gala allo squero Dei Rossi alla Giudecca per la promozione dell'arte dei gondolieri.\r\n            <\/div>\r\n        <\/div>\r\n\r\n        <div class=\"event-card right\">\r\n            <span class=\"date-badge\">2019<\/span>\r\n            <span class=\"location\">MINTURNO<\/span>\r\n            <div class=\"description\">\r\n                Gala fronte Anfiteatro e sottoscrizione del codice etico per la tutela degli equidi.\r\n            <\/div>\r\n        <\/div>\r\n\r\n        <div class=\"event-card left\">\r\n            <span class=\"date-badge\">2020<\/span>\r\n            <span class=\"location\">MILANO<\/span>\r\n            <div class=\"description\">\r\n                Serata presso Canter, rilancio codice etico e donazione Izilove Foundation.\r\n            <\/div>\r\n        <\/div>\r\n\r\n        <div class=\"event-card right\">\r\n            <span class=\"date-badge\">2021<\/span>\r\n            <span class=\"location\">TARANTO<\/span>\r\n            <div class=\"description\">\r\n                Gala presso Palazzo del Comune di Taranto e donazione a favore dell'AIL.\r\n            <\/div>\r\n        <\/div>\r\n\r\n        <div class=\"event-card left\">\r\n            <span class=\"date-badge\">2022<\/span>\r\n            <span class=\"location\">FIRENZE<\/span>\r\n            <div class=\"description\">\r\n                Serata di gala e donazione a favore dell'Ospedale Pediatrico Meyer di Firenze.\r\n            <\/div>\r\n        <\/div>\r\n\r\n        <div class=\"event-card right\">\r\n            <span class=\"date-badge\">2023<\/span>\r\n            <span class=\"location\">FOLLONICA<\/span>\r\n            <div class=\"description\">\r\n                Serata presso Riva Toscana Golf Resort e donazione all'Ospedale Meyer.\r\n            <\/div>\r\n        <\/div>\r\n\r\n        <div class=\"event-card left\">\r\n            <span class=\"date-badge\">2024<\/span>\r\n            <span class=\"location\">SIRACUSA<\/span>\r\n            <div class=\"description\">\r\n                Serata presso Ippodromo Ippomed e donazione all'Ospedale Umberto I di Siracusa.\r\n            <\/div>\r\n        <\/div>\r\n\r\n        <div class=\"event-card right\">\r\n            <span class=\"date-badge\">2025<\/span>\r\n            <span class=\"location\">NAPOLI<\/span>\r\n            <div class=\"description\">\r\n                Tennis Club Napoli: Riconoscimenti \"Amici dell'Ippica\" a personalit\u00e0 di spicco del settore.\r\n                <a href=\"https:\/\/federnat.it\/?page_id=5425\">Galleria Fotografica<\/a>\r\n            <\/div>\r\n        <\/div>\r\n\r\n    <\/div>\r\n<\/div>\r\n\r\n\r\n\r\n<\/body>\r\n<\/html>\t\t\t\t<\/div>\n\t\t\t\t<\/div>\n\t\t\t\t\t<\/div>\n\t\t\t\t<\/div>\n\t\t\t\t<\/div>\n\t\t","protected":false},"excerpt":{"rendered":"<p>attivit\u00e0 promozionale L&#8217;attivit\u00e0 promozionale della Federnat si svolge lungo tre direttrici: Nell&#039;ambito dell&#039;Ippica Promuovendo la massima partecipazione alla vita agonistica del Trotto e incrementando la professionalit\u00e0 del settore. Dall\u2019interno all\u2019esterno promuovendo (con l\u2019ausilio di tutti i mezzi di comunicazione) la presa di coscienza che l\u2019ippica \u00e8 in grado di assicurare a vasti strati della realt\u00e0 sociale Italiana un sano divertimento, contribuendo in maniera decisiva al superamento delle contraddizioni del crescente tempo libero nella nostra epoca. Ph. Luigi Rega &#8211; Cesena 2024 Al di fuori dell\u2019Ippica diffondendo la coscienza dell\u2019insostituibile funzione del cavallo come strumento di conoscenza e quindi di intelligente uso della natura.\u00a0 Il cavallo \u00e8 sempre stato amico dell\u2019uomo, ma mai come nella moderna civilt\u00e0 pu\u00f2 essergli utile in termini concreti. Non pi\u00f9 forse come strumento di fatica o come mezzo di trasporto, ma certo come veicolo privilegiato per riprendere quel contatto con la natura che costituisce esigenza primaria dell\u2019uomo moderno. Cavallo come ecologia, dunque. Ma anche come compagno di vita e strumento per un intelligente tempo libero. E anche, infine, come compagno in una vera e propria attivit\u00e0 sportiva. A questi bisogni risponde lo sport ippico, al cui interno opera la categoria dei Gentlemen Drivers che svolgono funzione di collegamento col resto della societ\u00e0, operando ciascuno nel proprio Paese e nell\u2019ambito della propria attivit\u00e0 o professione. In questo contesto, oltre alla normale attivit\u00e0 tecnica e agonistica, la Federnat svolge un\u2019intensa attivit\u00e0 promozionale che culmina, ogni anno in una citt\u00e0 diversa, con un Incontro Nazionale a tema, che sempre abbina l\u2019evento sportivo a importanti iniziative culturali, tra le quali il\u00a0Premio &#8220;Amici dell&#8217;ippica&#8221; Anche quest\u2019anno il Gran Premio vedr\u00e0 alla partenza i migliori Gentlemen Drivers d\u2019Italia che sono anche qualificati e affermati imprenditori o commercianti e comunque persone inserite al massimo livello nella vita produttiva delle rispettive regioni. La corsa per\u00f2, per quanto importante, sar\u00e0 solo una piccola parte della manifestazione che manterr\u00e0 il carattere di evento culturale e sociale. Elenco degli &#8220;Amici dell&#8217;Ippica&#8221; Federnat &#8211; Cronistoria delle Manifestazioni Gli incontri Nazionali svolti finora:\u200b Oltre 40 anni di eccellenza: cronistoria di cultura, solidariet\u00e0 e passione ippica 29 Maggio 1982 BOLOGNA Tema: &#8220;IPPICA OGGI: ECOLOGIA, TEMPO LIBERO E SPORT&#8221;. Mostra fotografica, concorsi nelle scuole e lancio di uno slogan destinato a grande successo nazionale. 19 Marzo 1983 FIRENZE Tema: &#8220;CAVALLO E TERRITORIO: ASPETTI ECONOMICI E SOCIALI&#8221;. Lancio dell&#8217;idea del museo Marino Marini, concorsi di architettura e proposte tecniche per l&#8217;automazione scommesse. 13-19 Maggio 1984 ROMA Tema: &#8220;IL CAVALLO E L&#8217;ARTE&#8221;. Mostra di Nag Arnoldi a Palazzo Barberini e suggestiva serata di gala in costume. 27 Aprile 1985 MILANO Tema: &#8220;I CENTO CAVALLI DEL RE&#8221;. Mostra d&#8217;arte contemporanea e serata benefica a Villa Reale a Monza a favore dell&#8217;AIRC. 5 Aprile 1986 FIRENZE Restauro del fregio sansoviniano della Villa Medicea di Poggio a Caiano durante &#8220;Firenze capitale della cultura europea&#8221;. 25 Aprile 1987 TARANTO Campionato Europeo di Trotto con delegazioni da USA, Canada e per la prima volta un Paese dell&#8217;Est. 14 Maggio 1988 FIRENZE Gran Ballo di Gala a Palazzo Corsini, riunendo il mondo ippico con la realt\u00e0 economica e sociale italiana. 21 Maggio 1989 TORINO, SAINT VINCENT Storia del Trotto piemontese, asta benefica dello scultore Tarantino e donazione di un&#8217;ambulanza alla Croce Rossa. 28-29 Aprile 1990 MILANO Dono alla Biblioteca Trivulziana di un volume antico sulle cacce a cavallo. Gala al Castello Sforzesco a favore del Centro Di Capua. 27-28 Aprile 1991 PADOVA, VENEZIA Restauro dipinti rinascimentali per la Fondazione Breda e ballo di gala a Palazzo Pisani Moretta a Venezia. 15-16 Maggio 1992 PALERMO Dono di un multianalizzatore pediatrico a Elda Pucci, restauro di un clavicembalo del &#8216;700 e gala a Villa Sordonaro. 27-28 Marzo 1993 FIRENZE Mostra di Fulvio Roiter, concerto di Gloria Gaynor e serata di gala presso il neonato Museo Marini. 20-21 Maggio 1994 ROMA Restauro degli affreschi di Pietro da Cortona in Palazzo Sacchetti, sede della serata di gala. 23-24 Giugno 1995 TREVISO Restauro della pala dell&#8217;Angelo Custode e salvaguardia del Cedrus Deodara a Villa Franchetti. 20-21 Giugno 1996 MILANO Restauro della Cappella di Sant&#8217;Ambrogio nell&#8217;omonima Basilica con serata di gala nel chiostro. 20-21 Maggio 1997 BOLOGNA, SAN PATRIGNANO Dedicata alla Comunit\u00e0 di San Patrignano: donazione tavolo radiologico e concerto di Biagio Antonacci. 25-26 Aprile 1998 PADOVA Restauro statua del Ruzante e gala ai piedi del cavallo ligneo di Donatello in Palazzo della Ragione. 5-6 Giugno 1999 TORINO Donazione alla Federazione Italiana Sport Disabili e sensibilizzazione per il restauro della Reggia di Venaria. 3-9 Luglio 2000 MILANO, CESENA&#8230; Campionato Mondiale con 12 nazioni, visita alla Ferrari e costruzione di una scuola in Burkina Faso. 4-6 Maggio 2001 NAPOLI Serata di gala e contributo a favore del Museo Galleria Nazionale di Capodimonte. 31 Maggio &#8211; 1 Giugno 2002 PALERMO Restauro furgone borbonico e Cippo della Stazione a Palazzo dei Normanni. 11-12 Maggio 2003 ALBENGA, GENOVA Iniziativa per la Fondazione Grace Kelly e gala a bordo della nave ammiraglia Grimaldi. 21-22 Maggio 2004 MONTECATINI TERME Calcio Gentlemen vs Olimpionici e gala nell&#8217;esclusiva cornice delle Terme del Tettuccio. Luglio 2005 SIRACUSA Cornice del Castello Maniace e donazione a favore dell&#8217;Ospedale locale. 19-22 Luglio 2006 NAPOLI, ROMA Campionato Mondiale e serata di gala a favore del Museo di Villa Giulia in Roma. 6-7 Luglio 2007 CESENA, SAN PATRIGNANO Contributo al restauro del Centro Ippico di San Patrignano e serata in comunit\u00e0. 14-15 Giugno 2008 TARANTO Donazioni ad AIL e Fondazione Mennea, consegna ambulanza e gala alla Basilica dell&#8217;Hist\u00f2. 8-9 Giugno 2009 MILANO Contributo pro &#8220;Lega del filo d&#8217;oro&#8221; con Renzo Arbore presso la Club House di San Siro. 20-21 Luglio 2010 FORTE DEI MARMI Presentazione del codice etico per la tutela degli equidi e serata al Twiga Beach Club. 14-15 Luglio 2011 TREVISO, VENEZIA Torneo &#8220;150 Anni di Italia nel mondo&#8221;, restauro organo barocco e gala a San Servolo. 29-30 Aprile 2012 MONTEGIORGIO, FIASTRA Sostegno all&#8217;Accademia della Fisarmonica e serata nel refettorio dell&#8217;Abbazia di Fiastra. 22-23 Giugno 2013 TORINO Donazione C.I.F.A. e Federazione Sport Paraolimpici presso il Circolo della Stampa. 22 Giugno 2014 NAPOLI Donazione a favore U.N.I.T.A.L.S.I.<\/p>\n","protected":false},"author":4,"featured_media":0,"parent":0,"menu_order":0,"comment_status":"closed","ping_status":"closed","template":"qi-blocks-full-width.php","meta":{"footnotes":""},"class_list":["post-2968","page","type-page","status-publish","hentry"],"yoast_head":"<!-- This site is optimized with the Yoast SEO plugin v24.2 - https:\/\/yoast.com\/wordpress\/plugins\/seo\/ -->\n<title>Attivit\u00e0 promozionale - FEDERNAT<\/title>\n<meta name=\"robots\" content=\"index, follow, max-snippet:-1, max-image-preview:large, max-video-preview:-1\" \/>\n<link rel=\"canonical\" href=\"https:\/\/federnat.it\/?page_id=2968\" \/>\n<meta property=\"og:locale\" content=\"it_IT\" \/>\n<meta property=\"og:type\" content=\"article\" \/>\n<meta property=\"og:title\" content=\"Attivit\u00e0 promozionale - FEDERNAT\" \/>\n<meta property=\"og:description\" content=\"attivit\u00e0 promozionale L&#8217;attivit\u00e0 promozionale della Federnat si svolge lungo tre direttrici: Nell&#039;ambito dell&#039;Ippica Promuovendo la massima partecipazione alla vita agonistica del Trotto e incrementando la professionalit\u00e0 del settore. Dall\u2019interno all\u2019esterno promuovendo (con l\u2019ausilio di tutti i mezzi di comunicazione) la presa di coscienza che l\u2019ippica \u00e8 in grado di assicurare a vasti strati della realt\u00e0 sociale Italiana un sano divertimento, contribuendo in maniera decisiva al superamento delle contraddizioni del crescente tempo libero nella nostra epoca. Ph. Luigi Rega &#8211; Cesena 2024 Al di fuori dell\u2019Ippica diffondendo la coscienza dell\u2019insostituibile funzione del cavallo come strumento di conoscenza e quindi di intelligente uso della natura.\u00a0 Il cavallo \u00e8 sempre stato amico dell\u2019uomo, ma mai come nella moderna civilt\u00e0 pu\u00f2 essergli utile in termini concreti. Non pi\u00f9 forse come strumento di fatica o come mezzo di trasporto, ma certo come veicolo privilegiato per riprendere quel contatto con la natura che costituisce esigenza primaria dell\u2019uomo moderno. Cavallo come ecologia, dunque. Ma anche come compagno di vita e strumento per un intelligente tempo libero. E anche, infine, come compagno in una vera e propria attivit\u00e0 sportiva. A questi bisogni risponde lo sport ippico, al cui interno opera la categoria dei Gentlemen Drivers che svolgono funzione di collegamento col resto della societ\u00e0, operando ciascuno nel proprio Paese e nell\u2019ambito della propria attivit\u00e0 o professione. In questo contesto, oltre alla normale attivit\u00e0 tecnica e agonistica, la Federnat svolge un\u2019intensa attivit\u00e0 promozionale che culmina, ogni anno in una citt\u00e0 diversa, con un Incontro Nazionale a tema, che sempre abbina l\u2019evento sportivo a importanti iniziative culturali, tra le quali il\u00a0Premio &#8220;Amici dell&#8217;ippica&#8221; Anche quest\u2019anno il Gran Premio vedr\u00e0 alla partenza i migliori Gentlemen Drivers d\u2019Italia che sono anche qualificati e affermati imprenditori o commercianti e comunque persone inserite al massimo livello nella vita produttiva delle rispettive regioni. La corsa per\u00f2, per quanto importante, sar\u00e0 solo una piccola parte della manifestazione che manterr\u00e0 il carattere di evento culturale e sociale. Elenco degli &#8220;Amici dell&#8217;Ippica&#8221; Federnat &#8211; Cronistoria delle Manifestazioni Gli incontri Nazionali svolti finora:\u200b Oltre 40 anni di eccellenza: cronistoria di cultura, solidariet\u00e0 e passione ippica 29 Maggio 1982 BOLOGNA Tema: &#8220;IPPICA OGGI: ECOLOGIA, TEMPO LIBERO E SPORT&#8221;. Mostra fotografica, concorsi nelle scuole e lancio di uno slogan destinato a grande successo nazionale. 19 Marzo 1983 FIRENZE Tema: &#8220;CAVALLO E TERRITORIO: ASPETTI ECONOMICI E SOCIALI&#8221;. Lancio dell&#8217;idea del museo Marino Marini, concorsi di architettura e proposte tecniche per l&#8217;automazione scommesse. 13-19 Maggio 1984 ROMA Tema: &#8220;IL CAVALLO E L&#8217;ARTE&#8221;. Mostra di Nag Arnoldi a Palazzo Barberini e suggestiva serata di gala in costume. 27 Aprile 1985 MILANO Tema: &#8220;I CENTO CAVALLI DEL RE&#8221;. Mostra d&#8217;arte contemporanea e serata benefica a Villa Reale a Monza a favore dell&#8217;AIRC. 5 Aprile 1986 FIRENZE Restauro del fregio sansoviniano della Villa Medicea di Poggio a Caiano durante &#8220;Firenze capitale della cultura europea&#8221;. 25 Aprile 1987 TARANTO Campionato Europeo di Trotto con delegazioni da USA, Canada e per la prima volta un Paese dell&#8217;Est. 14 Maggio 1988 FIRENZE Gran Ballo di Gala a Palazzo Corsini, riunendo il mondo ippico con la realt\u00e0 economica e sociale italiana. 21 Maggio 1989 TORINO, SAINT VINCENT Storia del Trotto piemontese, asta benefica dello scultore Tarantino e donazione di un&#8217;ambulanza alla Croce Rossa. 28-29 Aprile 1990 MILANO Dono alla Biblioteca Trivulziana di un volume antico sulle cacce a cavallo. Gala al Castello Sforzesco a favore del Centro Di Capua. 27-28 Aprile 1991 PADOVA, VENEZIA Restauro dipinti rinascimentali per la Fondazione Breda e ballo di gala a Palazzo Pisani Moretta a Venezia. 15-16 Maggio 1992 PALERMO Dono di un multianalizzatore pediatrico a Elda Pucci, restauro di un clavicembalo del &#8216;700 e gala a Villa Sordonaro. 27-28 Marzo 1993 FIRENZE Mostra di Fulvio Roiter, concerto di Gloria Gaynor e serata di gala presso il neonato Museo Marini. 20-21 Maggio 1994 ROMA Restauro degli affreschi di Pietro da Cortona in Palazzo Sacchetti, sede della serata di gala. 23-24 Giugno 1995 TREVISO Restauro della pala dell&#8217;Angelo Custode e salvaguardia del Cedrus Deodara a Villa Franchetti. 20-21 Giugno 1996 MILANO Restauro della Cappella di Sant&#8217;Ambrogio nell&#8217;omonima Basilica con serata di gala nel chiostro. 20-21 Maggio 1997 BOLOGNA, SAN PATRIGNANO Dedicata alla Comunit\u00e0 di San Patrignano: donazione tavolo radiologico e concerto di Biagio Antonacci. 25-26 Aprile 1998 PADOVA Restauro statua del Ruzante e gala ai piedi del cavallo ligneo di Donatello in Palazzo della Ragione. 5-6 Giugno 1999 TORINO Donazione alla Federazione Italiana Sport Disabili e sensibilizzazione per il restauro della Reggia di Venaria. 3-9 Luglio 2000 MILANO, CESENA&#8230; Campionato Mondiale con 12 nazioni, visita alla Ferrari e costruzione di una scuola in Burkina Faso. 4-6 Maggio 2001 NAPOLI Serata di gala e contributo a favore del Museo Galleria Nazionale di Capodimonte. 31 Maggio &#8211; 1 Giugno 2002 PALERMO Restauro furgone borbonico e Cippo della Stazione a Palazzo dei Normanni. 11-12 Maggio 2003 ALBENGA, GENOVA Iniziativa per la Fondazione Grace Kelly e gala a bordo della nave ammiraglia Grimaldi. 21-22 Maggio 2004 MONTECATINI TERME Calcio Gentlemen vs Olimpionici e gala nell&#8217;esclusiva cornice delle Terme del Tettuccio. Luglio 2005 SIRACUSA Cornice del Castello Maniace e donazione a favore dell&#8217;Ospedale locale. 19-22 Luglio 2006 NAPOLI, ROMA Campionato Mondiale e serata di gala a favore del Museo di Villa Giulia in Roma. 6-7 Luglio 2007 CESENA, SAN PATRIGNANO Contributo al restauro del Centro Ippico di San Patrignano e serata in comunit\u00e0. 14-15 Giugno 2008 TARANTO Donazioni ad AIL e Fondazione Mennea, consegna ambulanza e gala alla Basilica dell&#8217;Hist\u00f2. 8-9 Giugno 2009 MILANO Contributo pro &#8220;Lega del filo d&#8217;oro&#8221; con Renzo Arbore presso la Club House di San Siro. 20-21 Luglio 2010 FORTE DEI MARMI Presentazione del codice etico per la tutela degli equidi e serata al Twiga Beach Club. 14-15 Luglio 2011 TREVISO, VENEZIA Torneo &#8220;150 Anni di Italia nel mondo&#8221;, restauro organo barocco e gala a San Servolo. 29-30 Aprile 2012 MONTEGIORGIO, FIASTRA Sostegno all&#8217;Accademia della Fisarmonica e serata nel refettorio dell&#8217;Abbazia di Fiastra. 22-23 Giugno 2013 TORINO Donazione C.I.F.A. e Federazione Sport Paraolimpici presso il Circolo della Stampa. 22 Giugno 2014 NAPOLI Donazione a favore U.N.I.T.A.L.S.I.\" \/>\n<meta property=\"og:url\" content=\"https:\/\/federnat.it\/?page_id=2968\" \/>\n<meta property=\"og:site_name\" content=\"FEDERNAT\" \/>\n<meta property=\"article:modified_time\" content=\"2026-01-13T18:07:44+00:00\" \/>\n<meta property=\"og:image\" content=\"http:\/\/federnat.it\/wp-content\/uploads\/2024\/10\/corsa-trotto-ippica.webp\" \/>\n<meta name=\"twitter:card\" content=\"summary_large_image\" \/>\n<meta name=\"twitter:label1\" content=\"Tempo di lettura stimato\" \/>\n\t<meta name=\"twitter:data1\" content=\"7 minuti\" \/>\n<script type=\"application\/ld+json\" class=\"yoast-schema-graph\">{\"@context\":\"https:\/\/schema.org\",\"@graph\":[{\"@type\":\"WebPage\",\"@id\":\"https:\/\/federnat.it\/?page_id=2968\",\"url\":\"https:\/\/federnat.it\/?page_id=2968\",\"name\":\"Attivit\u00e0 promozionale - FEDERNAT\",\"isPartOf\":{\"@id\":\"https:\/\/federnat.it\/#website\"},\"primaryImageOfPage\":{\"@id\":\"https:\/\/federnat.it\/?page_id=2968#primaryimage\"},\"image\":{\"@id\":\"https:\/\/federnat.it\/?page_id=2968#primaryimage\"},\"thumbnailUrl\":\"http:\/\/federnat.it\/wp-content\/uploads\/2024\/10\/corsa-trotto-ippica.webp\",\"datePublished\":\"2025-01-15T16:49:21+00:00\",\"dateModified\":\"2026-01-13T18:07:44+00:00\",\"breadcrumb\":{\"@id\":\"https:\/\/federnat.it\/?page_id=2968#breadcrumb\"},\"inLanguage\":\"it-IT\",\"potentialAction\":[{\"@type\":\"ReadAction\",\"target\":[\"https:\/\/federnat.it\/?page_id=2968\"]}]},{\"@type\":\"ImageObject\",\"inLanguage\":\"it-IT\",\"@id\":\"https:\/\/federnat.it\/?page_id=2968#primaryimage\",\"url\":\"http:\/\/federnat.it\/wp-content\/uploads\/2024\/10\/corsa-trotto-ippica.webp\",\"contentUrl\":\"http:\/\/federnat.it\/wp-content\/uploads\/2024\/10\/corsa-trotto-ippica.webp\"},{\"@type\":\"BreadcrumbList\",\"@id\":\"https:\/\/federnat.it\/?page_id=2968#breadcrumb\",\"itemListElement\":[{\"@type\":\"ListItem\",\"position\":1,\"name\":\"Home\",\"item\":\"https:\/\/federnat.it\/\"},{\"@type\":\"ListItem\",\"position\":2,\"name\":\"Attivit\u00e0 promozionale\"}]},{\"@type\":\"WebSite\",\"@id\":\"https:\/\/federnat.it\/#website\",\"url\":\"https:\/\/federnat.it\/\",\"name\":\"FEDERNAT\",\"description\":\"\",\"publisher\":{\"@id\":\"https:\/\/federnat.it\/#organization\"},\"potentialAction\":[{\"@type\":\"SearchAction\",\"target\":{\"@type\":\"EntryPoint\",\"urlTemplate\":\"https:\/\/federnat.it\/?s={search_term_string}\"},\"query-input\":{\"@type\":\"PropertyValueSpecification\",\"valueRequired\":true,\"valueName\":\"search_term_string\"}}],\"inLanguage\":\"it-IT\"},{\"@type\":\"Organization\",\"@id\":\"https:\/\/federnat.it\/#organization\",\"name\":\"FEDERNAT\",\"url\":\"https:\/\/federnat.it\/\",\"logo\":{\"@type\":\"ImageObject\",\"inLanguage\":\"it-IT\",\"@id\":\"https:\/\/federnat.it\/#\/schema\/logo\/image\/\",\"url\":\"https:\/\/federnat.it\/wp-content\/uploads\/2024\/09\/cropped-cropped-logo_federnat-removebg-preview.png\",\"contentUrl\":\"https:\/\/federnat.it\/wp-content\/uploads\/2024\/09\/cropped-cropped-logo_federnat-removebg-preview.png\",\"width\":972,\"height\":210,\"caption\":\"FEDERNAT\"},\"image\":{\"@id\":\"https:\/\/federnat.it\/#\/schema\/logo\/image\/\"}}]}<\/script>\n<!-- \/ Yoast SEO plugin. -->","yoast_head_json":{"title":"Attivit\u00e0 promozionale - FEDERNAT","robots":{"index":"index","follow":"follow","max-snippet":"max-snippet:-1","max-image-preview":"max-image-preview:large","max-video-preview":"max-video-preview:-1"},"canonical":"https:\/\/federnat.it\/?page_id=2968","og_locale":"it_IT","og_type":"article","og_title":"Attivit\u00e0 promozionale - FEDERNAT","og_description":"attivit\u00e0 promozionale L&#8217;attivit\u00e0 promozionale della Federnat si svolge lungo tre direttrici: Nell&#039;ambito dell&#039;Ippica Promuovendo la massima partecipazione alla vita agonistica del Trotto e incrementando la professionalit\u00e0 del settore. Dall\u2019interno all\u2019esterno promuovendo (con l\u2019ausilio di tutti i mezzi di comunicazione) la presa di coscienza che l\u2019ippica \u00e8 in grado di assicurare a vasti strati della realt\u00e0 sociale Italiana un sano divertimento, contribuendo in maniera decisiva al superamento delle contraddizioni del crescente tempo libero nella nostra epoca. Ph. Luigi Rega &#8211; Cesena 2024 Al di fuori dell\u2019Ippica diffondendo la coscienza dell\u2019insostituibile funzione del cavallo come strumento di conoscenza e quindi di intelligente uso della natura.\u00a0 Il cavallo \u00e8 sempre stato amico dell\u2019uomo, ma mai come nella moderna civilt\u00e0 pu\u00f2 essergli utile in termini concreti. Non pi\u00f9 forse come strumento di fatica o come mezzo di trasporto, ma certo come veicolo privilegiato per riprendere quel contatto con la natura che costituisce esigenza primaria dell\u2019uomo moderno. Cavallo come ecologia, dunque. Ma anche come compagno di vita e strumento per un intelligente tempo libero. E anche, infine, come compagno in una vera e propria attivit\u00e0 sportiva. A questi bisogni risponde lo sport ippico, al cui interno opera la categoria dei Gentlemen Drivers che svolgono funzione di collegamento col resto della societ\u00e0, operando ciascuno nel proprio Paese e nell\u2019ambito della propria attivit\u00e0 o professione. In questo contesto, oltre alla normale attivit\u00e0 tecnica e agonistica, la Federnat svolge un\u2019intensa attivit\u00e0 promozionale che culmina, ogni anno in una citt\u00e0 diversa, con un Incontro Nazionale a tema, che sempre abbina l\u2019evento sportivo a importanti iniziative culturali, tra le quali il\u00a0Premio &#8220;Amici dell&#8217;ippica&#8221; Anche quest\u2019anno il Gran Premio vedr\u00e0 alla partenza i migliori Gentlemen Drivers d\u2019Italia che sono anche qualificati e affermati imprenditori o commercianti e comunque persone inserite al massimo livello nella vita produttiva delle rispettive regioni. La corsa per\u00f2, per quanto importante, sar\u00e0 solo una piccola parte della manifestazione che manterr\u00e0 il carattere di evento culturale e sociale. Elenco degli &#8220;Amici dell&#8217;Ippica&#8221; Federnat &#8211; Cronistoria delle Manifestazioni Gli incontri Nazionali svolti finora:\u200b Oltre 40 anni di eccellenza: cronistoria di cultura, solidariet\u00e0 e passione ippica 29 Maggio 1982 BOLOGNA Tema: &#8220;IPPICA OGGI: ECOLOGIA, TEMPO LIBERO E SPORT&#8221;. Mostra fotografica, concorsi nelle scuole e lancio di uno slogan destinato a grande successo nazionale. 19 Marzo 1983 FIRENZE Tema: &#8220;CAVALLO E TERRITORIO: ASPETTI ECONOMICI E SOCIALI&#8221;. Lancio dell&#8217;idea del museo Marino Marini, concorsi di architettura e proposte tecniche per l&#8217;automazione scommesse. 13-19 Maggio 1984 ROMA Tema: &#8220;IL CAVALLO E L&#8217;ARTE&#8221;. Mostra di Nag Arnoldi a Palazzo Barberini e suggestiva serata di gala in costume. 27 Aprile 1985 MILANO Tema: &#8220;I CENTO CAVALLI DEL RE&#8221;. Mostra d&#8217;arte contemporanea e serata benefica a Villa Reale a Monza a favore dell&#8217;AIRC. 5 Aprile 1986 FIRENZE Restauro del fregio sansoviniano della Villa Medicea di Poggio a Caiano durante &#8220;Firenze capitale della cultura europea&#8221;. 25 Aprile 1987 TARANTO Campionato Europeo di Trotto con delegazioni da USA, Canada e per la prima volta un Paese dell&#8217;Est. 14 Maggio 1988 FIRENZE Gran Ballo di Gala a Palazzo Corsini, riunendo il mondo ippico con la realt\u00e0 economica e sociale italiana. 21 Maggio 1989 TORINO, SAINT VINCENT Storia del Trotto piemontese, asta benefica dello scultore Tarantino e donazione di un&#8217;ambulanza alla Croce Rossa. 28-29 Aprile 1990 MILANO Dono alla Biblioteca Trivulziana di un volume antico sulle cacce a cavallo. Gala al Castello Sforzesco a favore del Centro Di Capua. 27-28 Aprile 1991 PADOVA, VENEZIA Restauro dipinti rinascimentali per la Fondazione Breda e ballo di gala a Palazzo Pisani Moretta a Venezia. 15-16 Maggio 1992 PALERMO Dono di un multianalizzatore pediatrico a Elda Pucci, restauro di un clavicembalo del &#8216;700 e gala a Villa Sordonaro. 27-28 Marzo 1993 FIRENZE Mostra di Fulvio Roiter, concerto di Gloria Gaynor e serata di gala presso il neonato Museo Marini. 20-21 Maggio 1994 ROMA Restauro degli affreschi di Pietro da Cortona in Palazzo Sacchetti, sede della serata di gala. 23-24 Giugno 1995 TREVISO Restauro della pala dell&#8217;Angelo Custode e salvaguardia del Cedrus Deodara a Villa Franchetti. 20-21 Giugno 1996 MILANO Restauro della Cappella di Sant&#8217;Ambrogio nell&#8217;omonima Basilica con serata di gala nel chiostro. 20-21 Maggio 1997 BOLOGNA, SAN PATRIGNANO Dedicata alla Comunit\u00e0 di San Patrignano: donazione tavolo radiologico e concerto di Biagio Antonacci. 25-26 Aprile 1998 PADOVA Restauro statua del Ruzante e gala ai piedi del cavallo ligneo di Donatello in Palazzo della Ragione. 5-6 Giugno 1999 TORINO Donazione alla Federazione Italiana Sport Disabili e sensibilizzazione per il restauro della Reggia di Venaria. 3-9 Luglio 2000 MILANO, CESENA&#8230; Campionato Mondiale con 12 nazioni, visita alla Ferrari e costruzione di una scuola in Burkina Faso. 4-6 Maggio 2001 NAPOLI Serata di gala e contributo a favore del Museo Galleria Nazionale di Capodimonte. 31 Maggio &#8211; 1 Giugno 2002 PALERMO Restauro furgone borbonico e Cippo della Stazione a Palazzo dei Normanni. 11-12 Maggio 2003 ALBENGA, GENOVA Iniziativa per la Fondazione Grace Kelly e gala a bordo della nave ammiraglia Grimaldi. 21-22 Maggio 2004 MONTECATINI TERME Calcio Gentlemen vs Olimpionici e gala nell&#8217;esclusiva cornice delle Terme del Tettuccio. Luglio 2005 SIRACUSA Cornice del Castello Maniace e donazione a favore dell&#8217;Ospedale locale. 19-22 Luglio 2006 NAPOLI, ROMA Campionato Mondiale e serata di gala a favore del Museo di Villa Giulia in Roma. 6-7 Luglio 2007 CESENA, SAN PATRIGNANO Contributo al restauro del Centro Ippico di San Patrignano e serata in comunit\u00e0. 14-15 Giugno 2008 TARANTO Donazioni ad AIL e Fondazione Mennea, consegna ambulanza e gala alla Basilica dell&#8217;Hist\u00f2. 8-9 Giugno 2009 MILANO Contributo pro &#8220;Lega del filo d&#8217;oro&#8221; con Renzo Arbore presso la Club House di San Siro. 20-21 Luglio 2010 FORTE DEI MARMI Presentazione del codice etico per la tutela degli equidi e serata al Twiga Beach Club. 14-15 Luglio 2011 TREVISO, VENEZIA Torneo &#8220;150 Anni di Italia nel mondo&#8221;, restauro organo barocco e gala a San Servolo. 29-30 Aprile 2012 MONTEGIORGIO, FIASTRA Sostegno all&#8217;Accademia della Fisarmonica e serata nel refettorio dell&#8217;Abbazia di Fiastra. 22-23 Giugno 2013 TORINO Donazione C.I.F.A. e Federazione Sport Paraolimpici presso il Circolo della Stampa. 22 Giugno 2014 NAPOLI Donazione a favore U.N.I.T.A.L.S.I.","og_url":"https:\/\/federnat.it\/?page_id=2968","og_site_name":"FEDERNAT","article_modified_time":"2026-01-13T18:07:44+00:00","og_image":[{"url":"http:\/\/federnat.it\/wp-content\/uploads\/2024\/10\/corsa-trotto-ippica.webp","type":"","width":"","height":""}],"twitter_card":"summary_large_image","twitter_misc":{"Tempo di lettura stimato":"7 minuti"},"schema":{"@context":"https:\/\/schema.org","@graph":[{"@type":"WebPage","@id":"https:\/\/federnat.it\/?page_id=2968","url":"https:\/\/federnat.it\/?page_id=2968","name":"Attivit\u00e0 promozionale - FEDERNAT","isPartOf":{"@id":"https:\/\/federnat.it\/#website"},"primaryImageOfPage":{"@id":"https:\/\/federnat.it\/?page_id=2968#primaryimage"},"image":{"@id":"https:\/\/federnat.it\/?page_id=2968#primaryimage"},"thumbnailUrl":"http:\/\/federnat.it\/wp-content\/uploads\/2024\/10\/corsa-trotto-ippica.webp","datePublished":"2025-01-15T16:49:21+00:00","dateModified":"2026-01-13T18:07:44+00:00","breadcrumb":{"@id":"https:\/\/federnat.it\/?page_id=2968#breadcrumb"},"inLanguage":"it-IT","potentialAction":[{"@type":"ReadAction","target":["https:\/\/federnat.it\/?page_id=2968"]}]},{"@type":"ImageObject","inLanguage":"it-IT","@id":"https:\/\/federnat.it\/?page_id=2968#primaryimage","url":"http:\/\/federnat.it\/wp-content\/uploads\/2024\/10\/corsa-trotto-ippica.webp","contentUrl":"http:\/\/federnat.it\/wp-content\/uploads\/2024\/10\/corsa-trotto-ippica.webp"},{"@type":"BreadcrumbList","@id":"https:\/\/federnat.it\/?page_id=2968#breadcrumb","itemListElement":[{"@type":"ListItem","position":1,"name":"Home","item":"https:\/\/federnat.it\/"},{"@type":"ListItem","position":2,"name":"Attivit\u00e0 promozionale"}]},{"@type":"WebSite","@id":"https:\/\/federnat.it\/#website","url":"https:\/\/federnat.it\/","name":"FEDERNAT","description":"","publisher":{"@id":"https:\/\/federnat.it\/#organization"},"potentialAction":[{"@type":"SearchAction","target":{"@type":"EntryPoint","urlTemplate":"https:\/\/federnat.it\/?s={search_term_string}"},"query-input":{"@type":"PropertyValueSpecification","valueRequired":true,"valueName":"search_term_string"}}],"inLanguage":"it-IT"},{"@type":"Organization","@id":"https:\/\/federnat.it\/#organization","name":"FEDERNAT","url":"https:\/\/federnat.it\/","logo":{"@type":"ImageObject","inLanguage":"it-IT","@id":"https:\/\/federnat.it\/#\/schema\/logo\/image\/","url":"https:\/\/federnat.it\/wp-content\/uploads\/2024\/09\/cropped-cropped-logo_federnat-removebg-preview.png","contentUrl":"https:\/\/federnat.it\/wp-content\/uploads\/2024\/09\/cropped-cropped-logo_federnat-removebg-preview.png","width":972,"height":210,"caption":"FEDERNAT"},"image":{"@id":"https:\/\/federnat.it\/#\/schema\/logo\/image\/"}}]}},"_links":{"self":[{"href":"https:\/\/federnat.it\/index.php?rest_route=\/wp\/v2\/pages\/2968","targetHints":{"allow":["GET"]}}],"collection":[{"href":"https:\/\/federnat.it\/index.php?rest_route=\/wp\/v2\/pages"}],"about":[{"href":"https:\/\/federnat.it\/index.php?rest_route=\/wp\/v2\/types\/page"}],"author":[{"embeddable":true,"href":"https:\/\/federnat.it\/index.php?rest_route=\/wp\/v2\/users\/4"}],"replies":[{"embeddable":true,"href":"https:\/\/federnat.it\/index.php?rest_route=%2Fwp%2Fv2%2Fcomments&post=2968"}],"version-history":[{"count":70,"href":"https:\/\/federnat.it\/index.php?rest_route=\/wp\/v2\/pages\/2968\/revisions"}],"predecessor-version":[{"id":6015,"href":"https:\/\/federnat.it\/index.php?rest_route=\/wp\/v2\/pages\/2968\/revisions\/6015"}],"wp:attachment":[{"href":"https:\/\/federnat.it\/index.php?rest_route=%2Fwp%2Fv2%2Fmedia&parent=2968"}],"curies":[{"name":"wp","href":"https:\/\/api.w.org\/{rel}","templated":true}]}}